{"id":826,"date":"2023-03-29T08:27:00","date_gmt":"2023-03-29T08:27:00","guid":{"rendered":"https:\/\/inoxformes.com\/?page_id=826"},"modified":"2023-03-29T08:27:14","modified_gmt":"2023-03-29T08:27:14","slug":"politica-de-privacidad","status":"publish","type":"page","link":"https:\/\/inoxformes.com\/index.php\/politica-de-privacidad\/","title":{"rendered":"Pol\u00edtica de Privacidad"},"content":{"rendered":"\n<h2 class=\"wp-block-heading\"><strong>Pol\u00edtica de Privacidad<\/strong><\/h2>\n\n\n\n<p>El Reglamento General de protecci\u00f3n de datos de la UE 2016\/679 (RGPD) indica que las organizaciones que recaudan y \/ o realizan actividades de tratamiento de datos personales, deber\u00e1n implementar las medidas t\u00e9cnicas y organizativas necesarias para garantizar la protecci\u00f3n de los mismos, la privacidad y los derechos y libertades de las personas titulares de los datos personales.<\/p>\n\n\n\n<p>La entidad INOX-FORMES SL con CIF B17353459 y domicilio social en Pol\u00edgono Industrial Les Coromines, 31, 17857, Girona, tel\u00e9fono 972261446, email info@inoxformes.com, le informa que tratamos los datos personales que nos facilita con las finalidades indicadas m\u00e1s abajo. Los datos proporcionados se conservar\u00e1n mientras se mantenga la relaci\u00f3n comercial o durante los a\u00f1os necesarios para cumplir con las obligaciones legales. Los datos no se ceder\u00e1n a terceros salvo en los casos en que haya una obligaci\u00f3n legal. Usted tiene derecho a obtener confirmaci\u00f3n sobre si en nuestra entidad estamos tratando sus datos personales por lo tanto tiene derecho a acceder a sus datos personales, los datos inexactos o solicitar su supresi\u00f3n cuando los datos ya no sean necesarios.<\/p>\n\n\n\n<h3 class=\"wp-block-heading\"><strong>POL\u00cdTICA DE PRIVACIDAD Y PROTECCI\u00d3N DE DATOS<\/strong><\/h3>\n\n\n\n<p>Responsable: INOX-FORMES SL (en adelante INOX-FORMES)<br>Nif: B17495888<br>Direcci\u00f3n: Pol\u00edgono Industrial Les Coromines, 31, 17857, Girona<br>Tel\u00e9fono: 972 29 07 29<br>Email: info@inoxformes.com<\/p>\n\n\n\n<h3 class=\"wp-block-heading\"><strong>INFORMACI\u00d3N Y TERMINOLOG\u00cdA<\/strong><\/h3>\n\n\n\n<h4 class=\"wp-block-heading\"><strong>1.- INFORMACI\u00d3N GENERAL<\/strong><\/h4>\n\n\n\n<p>Esta \u00abpol\u00edtica de Privacidad y Protecci\u00f3n de Datos\u00bb tiene como finalidad dar a conocer las condiciones que rigen la recogida y tratamiento de sus datos personales por parte de nuestra entidad o grupo corporativo para velar por los derechos fundamentales, su honor y libertades, todo ello en cumplimiento de las normativas vigentes que regulan la protecci\u00f3n de datos personales seg\u00fan la Uni\u00f3n Europea y el Estado Miembro espa\u00f1ol.<br>En conformidad con estas normativas, necesitamos disponer de su autorizaci\u00f3n y consentimiento para la recogida y el tratamiento de sus datos personales, por lo que a continuaci\u00f3n, os contamos todos los detalles de su inter\u00e9s respecto a c\u00f3mo realizamos estos procesos, con qu\u00e9 fines, que otras entidades podr\u00edan tener acceso a sus datos y cu\u00e1les son sus derechos.<\/p>\n\n\n\n<h4 class=\"wp-block-heading\"><strong>2.- RESPONSABLE DEL TRATAMIENTO<\/strong><\/h4>\n\n\n\n<p>El Responsable del Tratamiento de Datos es aquella persona f\u00edsica o jur\u00eddica, de naturaleza p\u00fablica o privada, u \u00f3rgano administrativo, que s\u00f3lo o conjuntamente con otros determine los fines y medios del tratamiento de datos personales; en caso de que los fines y medios del tratamiento est\u00e9n determinados por el Derecho de la Uni\u00f3n Europea o del estado miembro espa\u00f1ol.<\/p>\n\n\n\n<p>En este caso, nuestros datos identificativos como Responsable del Tratamiento son los siguientes:<\/p>\n\n\n\n<p>INOX-FORMES SL<br>Pol\u00edgono Industrial Les Coromines, 31, 17857, Girona<br>Tel\u00e8fon 972 29 07 29<br>Email info@inoxformes.com<\/p>\n\n\n\n<p>Este es el mismo domicilio donde dirigirse para ejercicio de sus derechos.<br><br>Disponemos de una persona o entidad especializada en protecci\u00f3n de datos, que es la encargada de velar por el correcto cumplimiento en nuestra entidad de la legislaci\u00f3n y normativas vigentes. Esta persona recibe el nombre de Delegado de Protecci\u00f3n de Datos (DPO) o Responsable de Protecci\u00f3n de Datos y, si lo necesita, puede contactar con \u00e9l a la anterior direcci\u00f3n a la atenci\u00f3n del Responsable de Protecci\u00f3n de Datos .<\/p>\n\n\n\n<h4 class=\"wp-block-heading\"><strong>3.- MEDIDAS DE SEGURIDAD<\/strong><\/h4>\n\n\n\n<p>Nuestra entidad o grupo corporativo adopta las medidas organizativas y t\u00e9cnicas necesarias para garantizar la seguridad y la privacidad de sus datos, evitar su alteraci\u00f3n, p\u00e9rdida, tratamiento o acceso no autorizado, dependiendo del estado de la tecnolog\u00eda, la naturaleza de los datos almacenado y los riesgos a que est\u00e1n expuestos.<\/p>\n\n\n\n<p>Entre otras, destacan las siguientes medidas:<\/p>\n\n\n\n<ul class=\"wp-block-list\">\n<li>1. Garantizar la confidencialidad, integridad, disponibilidad y resiliencia permanentes de los sistemas y servicios de tratamiento.<\/li>\n\n\n\n<li>2. Restaurar la disponibilidad y el acceso a los datos personales de forma r\u00e1pida, en caso de incidente f\u00edsico o t\u00e9cnico.<\/li>\n\n\n\n<li>3. Verificar, evaluar y valorar, de manera regular, la eficacia de las medidas t\u00e9cnicas y organizativas implementadas para garantizar la seguridad del tratamiento.<\/li>\n\n\n\n<li>4. Seudonimizar y cifrar los datos personales, en caso de tratarse de datos sensibles.<\/li>\n<\/ul>\n\n\n\n<h4 class=\"wp-block-heading\"><strong>4.- FINALIDAD DEL TRATAMIENTO<\/strong><\/h4>\n\n\n\n<p>Necesitamos su autorizaci\u00f3n y consentimiento para pedir y tratar sus datos personales, por lo que a continuaci\u00f3n le detallamos los usos y finalidades previstas. Aun as\u00ed, llevaremos a cabo \u00fanicamente las que usted nos haya autorizado mediante el \u00abFormulario de autorizaci\u00f3n\u00bb del consentimiento para el tratamiento de datos.<\/p>\n\n\n\n<ul class=\"wp-block-list\">\n<li>Comunicaciones comerciales, de novedades, incidencias, informativas.<\/li>\n\n\n\n<li>Cumplimiento de obligaciones mercantiles y fiscales.<\/li>\n<\/ul>\n\n\n\n<p>Utilizamos tus datos durante el tiempo estrictamente necesario para cumplir las finalidades indicadas anteriormente<\/p>\n\n\n\n<h4 class=\"wp-block-heading\"><strong>5.- LEGITIMACI\u00d3N DEL TRATAMIENTO<\/strong><\/h4>\n\n\n\n<p>La recogida y el tratamiento de sus datos est\u00e1 legitimado siempre por una o varias bases jur\u00eddicas.<\/p>\n\n\n\n<h4 class=\"wp-block-heading\"><strong>6.- DESTINATARIOS DE SUS DATOS<\/strong><\/h4>\n\n\n\n<p>A veces, para poder cumplir con nuestras obligaciones legales y nuestro compromiso contractual con usted, nos vemos ante la obligaci\u00f3n y necesidad de ceder algunos de sus datos a ciertas categor\u00edas de destinatarios, las que especificamos a continuaci\u00f3n:<\/p>\n\n\n\n<p>Agencia Tributaria&nbsp; \u2013 <a href=\"http:\/\/www.agenciatributaria.es\/\">www.agenciatributaria.es<\/a><\/p>\n\n\n\n<p>En los procesos de tratamientos de sus datos realizados por nuestra entidad, necesitamos contratar servicios externos que pudieran implicar que sus datos sean almacenados y \/ o tratados por organizaciones que est\u00e1n establecidas o operan desde fuera de la Uni\u00f3n Europea, lo que llevar\u00eda impl\u00edcito que realizamos transferencias internacionales de sus datos. No est\u00e1n previstas ninguna de estas transferencias.<\/p>\n\n\n\n<h4 class=\"wp-block-heading\"><strong>7.- PROCEDENCIA Y TIPO DE DATOS TRATADOS<\/strong><\/h4>\n\n\n\n<p>La procedencia de los datos es del propio interesado o su representante legal.<br><br>El tipo de datos que hemos recabado y tratamos son: Nombre y apellidos, direcci\u00f3n postal, correo electr\u00f3nico, NIF \/ NIE \/ Pasaporte, Tel\u00e9fonos, web y Datos bancarios (si las ha proporcionado).<\/p>\n\n\n\n<h4 class=\"wp-block-heading\"><strong>8.- DERECHOS DE LOS INTERESADOS<\/strong><\/h4>\n\n\n\n<p>La normativa vigente de protecci\u00f3n de datos le ampara en una serie de derechos en relaci\u00f3n al uso que le damos a los datos. Todos y cada uno de sus derechos son unipersonales e intransferibles, es decir, que \u00fanicamente pueden ser realizados por el titular de los datos, previa comprobaci\u00f3n de su identidad.<\/p>\n\n\n\n<p>A continuaci\u00f3n te indicamos cu\u00e1les son los derechos que le asisten:<\/p>\n\n\n\n<ul class=\"wp-block-list\">\n<li>Solicitar el ACCESO a sus datos personales<\/li>\n\n\n\n<li>Solicitar la RECTIFICACI\u00d3N de sus datos<\/li>\n\n\n\n<li>Solicitar la SUPRESI\u00d3N o eliminaci\u00f3n de sus datos (derecho al \u00abolvido\u00bb)<\/li>\n\n\n\n<li>LIMITAR u oponerse al uso que le damos a sus datos<\/li>\n\n\n\n<li>Derecho a la PORTABILIDAD de sus datos para casos de servicios de telecomunicaciones o internet.<\/li>\n\n\n\n<li>Derecho a RETIRAR su consentimiento en cualquier momento<\/li>\n\n\n\n<li>Derecho a presentar una RECLAMACI\u00d3N en materia de protecci\u00f3n de datos ante la Autoridad de Control: Agencia de Protecci\u00f3n de Datos<\/li>\n<\/ul>\n\n\n\n<p>Para el ejercicio de sus derechos de acceso, rectificaci\u00f3n, supresi\u00f3n, limitaci\u00f3n o oposici\u00f3n, portabilidad y retirada de su consentimiento, puede hacerlo de la siguiente manera:<\/p>\n\n\n\n<p>Mediante escrito y copia del DNI, indicando la referencia RGPD dirigida a:<\/p>\n\n\n\n<p>INOX-FORMES SL<br>Att. Responsable de Protecci\u00f3n de Datos.<br>Pol\u00edgono Industrial Les Coromines, 31, 17857, Girona<br>Email info@inoxformes.com<\/p>\n\n\n\n<p>Adem\u00e1s de los derechos que le asisten, si cree que sus datos no se est\u00e1n recaudando o tratando de acuerdo con la normativa vigente de Protecci\u00f3n de Datos, usted podr\u00e1 realizar una reclamaci\u00f3n ante la Autoridad de Control:&nbsp; &nbsp; <a href=\"http:\/\/www.agpd.es\/\">www.agpd.es<\/a><\/p>\n","protected":false},"excerpt":{"rendered":"<p>Pol\u00edtica de Privacidad El Reglamento General de protecci\u00f3n de datos de la UE 2016\/679 (RGPD) indica que las organizaciones que recaudan y \/ o realizan actividades de tratamiento de datos personales, deber\u00e1n implementar las medidas t\u00e9cnicas y organizativas necesarias para garantizar la protecci\u00f3n de los mismos, la privacidad y los derechos y libertades de las [&hellip;]<\/p>\n","protected":false},"author":1,"featured_media":0,"parent":0,"menu_order":0,"comment_status":"closed","ping_status":"open","template":"","meta":{"site-sidebar-layout":"default","site-content-layout":"","ast-site-content-layout":"","site-content-style":"default","site-sidebar-style":"default","ast-global-header-display":"","ast-banner-title-visibility":"","ast-main-header-display":"","ast-hfb-above-header-display":"","ast-hfb-below-header-display":"","ast-hfb-mobile-header-display":"","site-post-title":"disabled","ast-breadcrumbs-content":"","ast-featured-img":"","footer-sml-layout":"","theme-transparent-header-meta":"","adv-header-id-meta":"","stick-header-meta":"","header-above-stick-meta":"","header-main-stick-meta":"","header-below-stick-meta":"","astra-migrate-meta-layouts":"default","ast-page-background-enabled":"default","ast-page-background-meta":{"desktop":{"background-color":"","background-image":"","background-repeat":"repeat","background-position":"center center","background-size":"auto","background-attachment":"scroll","background-type":"","background-media":"","overlay-type":"","overlay-color":"","overlay-opacity":"","overlay-gradient":""},"tablet":{"background-color":"","background-image":"","background-repeat":"repeat","background-position":"center center","background-size":"auto","background-attachment":"scroll","background-type":"","background-media":"","overlay-type":"","overlay-color":"","overlay-opacity":"","overlay-gradient":""},"mobile":{"background-color":"","background-image":"","background-repeat":"repeat","background-position":"center center","background-size":"auto","background-attachment":"scroll","background-type":"","background-media":"","overlay-type":"","overlay-color":"","overlay-opacity":"","overlay-gradient":""}},"ast-content-background-meta":{"desktop":{"background-color":"var(--ast-global-color-5)","background-image":"","background-repeat":"repeat","background-position":"center center","background-size":"auto","background-attachment":"scroll","background-type":"","background-media":"","overlay-type":"","overlay-color":"","overlay-opacity":"","overlay-gradient":""},"tablet":{"background-color":"var(--ast-global-color-5)","background-image":"","background-repeat":"repeat","background-position":"center center","background-size":"auto","background-attachment":"scroll","background-type":"","background-media":"","overlay-type":"","overlay-color":"","overlay-opacity":"","overlay-gradient":""},"mobile":{"background-color":"var(--ast-global-color-5)","background-image":"","background-repeat":"repeat","background-position":"center center","background-size":"auto","background-attachment":"scroll","background-type":"","background-media":"","overlay-type":"","overlay-color":"","overlay-opacity":"","overlay-gradient":""}},"footnotes":""},"class_list":["post-826","page","type-page","status-publish","hentry"],"_links":{"self":[{"href":"https:\/\/inoxformes.com\/index.php\/wp-json\/wp\/v2\/pages\/826","targetHints":{"allow":["GET"]}}],"collection":[{"href":"https:\/\/inoxformes.com\/index.php\/wp-json\/wp\/v2\/pages"}],"about":[{"href":"https:\/\/inoxformes.com\/index.php\/wp-json\/wp\/v2\/types\/page"}],"author":[{"embeddable":true,"href":"https:\/\/inoxformes.com\/index.php\/wp-json\/wp\/v2\/users\/1"}],"replies":[{"embeddable":true,"href":"https:\/\/inoxformes.com\/index.php\/wp-json\/wp\/v2\/comments?post=826"}],"version-history":[{"count":2,"href":"https:\/\/inoxformes.com\/index.php\/wp-json\/wp\/v2\/pages\/826\/revisions"}],"predecessor-version":[{"id":828,"href":"https:\/\/inoxformes.com\/index.php\/wp-json\/wp\/v2\/pages\/826\/revisions\/828"}],"wp:attachment":[{"href":"https:\/\/inoxformes.com\/index.php\/wp-json\/wp\/v2\/media?parent=826"}],"curies":[{"name":"wp","href":"https:\/\/api.w.org\/{rel}","templated":true}]}}